{"id":989,"date":"2025-05-27T10:53:43","date_gmt":"2025-05-27T08:53:43","guid":{"rendered":"https:\/\/www.panorama-tourisme.fr\/?post_type=trip&#038;p=989"},"modified":"2025-05-27T10:53:44","modified_gmt":"2025-05-27T08:53:44","slug":"rythmes-du-bresil","status":"publish","type":"trip","link":"https:\/\/www.panorama-tourisme.fr\/index.php\/trip\/rythmes-du-bresil\/","title":{"rendered":"Rythmes du Br\u00e9sil"},"content":{"rendered":"","protected":false},"excerpt":{"rendered":"","protected":false},"author":1,"featured_media":998,"comment_status":"open","ping_status":"closed","template":"","destination":[62],"activities":[],"trip_types":[39],"difficulty":[],"trip_tag":[],"class_list":["post-989","trip","type-trip","status-publish","has-post-thumbnail","hentry","destination-bresil","trip_types-trek-randonnee"],"packages_ids":"","trip_extras":[],"cut_off_time":{"enabled":false,"duration":0,"duration_unit":"days"},"booked-seats":[],"jetpack_sharing_enabled":true,"code":"WTE-989","price":"","has_sale":false,"sale_price":"","discount_percent":0,"currency":{"code":"EUR","symbol":"&euro;"},"duration":{"days":24,"nights":23,"duration_unit":"days","duration_type":"days"},"min_pax":"","max_pax":"","discount_value":0,"discount_label":null,"primary_category":0,"available_times":{"type":"default","items":["2021-1-01","2021-2-01","2021-3-01","2021-4-01","2021-5-01","2021-6-01","2021-7-01","2021-8-01","2021-9-01","2021-10-01","2021-11-01","2021-12-01"]},"description":"<!-- wp:paragraph -->\n<p>Explorez le Br\u00e9sil, un pays vaste, color\u00e9 et absolument magnifique, lors de ce voyage de 24 jours. Impr\u00e9gnez vous pleinement de l\u2019ambiance chaleureuse de ses habitants et de la beaut\u00e9 saisissante de sa nature. Vivez, explorez, ressentez.<\/p>\n<!-- \/wp:paragraph -->","cost_includes":"","cost_excludes":"","itineraries":[{"title":"Arriv\u00e9e \u00e0 Bel\u00e9m, Br\u00e9sil","content":"<!-- wp:paragraph -->\n<p>Arriv\u00e9e, accueil par votre guide francophone et transfert \u00e0 l\u00b4h\u00f4tel.<\/p>\n<!-- \/wp:paragraph -->"},{"title":"Bel\u00e9m - Amazonie","content":"<!-- wp:paragraph -->\n<p>Envol pour Manaus et transfert \u00e0 l\u2019h\u00f4tel. <\/p>\n<!-- \/wp:paragraph -->\n\n<!-- wp:paragraph -->\n<p>Nous partirons \u00e0 la d\u00e9couverte de la biodiversit\u00e9 amazonienne avec une immersion au c\u0153ur de la nature. Nous commencerons notre matin\u00e9e par une visite \u00e0 la For\u00eat des Singes, centre de r\u00e9habilitation pour les animaux victimes du commerce ill\u00e9gal. Nous assisterons au nourrissage quotidien, moment privil\u00e9gi\u00e9 pour observer de pr\u00e8s ces animaux en pleine convalescence.<\/p>\n<!-- \/wp:paragraph -->\n\n<!-- wp:paragraph -->\n<p><\/p>\n<!-- \/wp:paragraph -->"},{"title":"Amazonie","content":"<!-- wp:paragraph -->\n<p>La journ\u00e9e commencera par une promenade en for\u00eat, \u00e0 travers une v\u00e9g\u00e9tation luxuriante, des ruisseaux d\u2019eau cristalline et des savanes naturelles. Notre guide nous initiera \u00e0 la reconnaissance des plantes m\u00e9dicinales et comestibles, tout en partageant ses connaissances sur la faune locale. La dur\u00e9e de cette marche sera adapt\u00e9e \u00e0 notre rythme et \u00e0 notre condition physique. Apr\u00e8s, nous prendrons le bateau pour rejoindre une maison indig\u00e8ne traditionnelle. Ce sera l\u2019occasion de d\u00e9couvrir les coutumes locales, d\u2019en apprendre davantage sur la production de caoutchouc et de farine de manioc, et d\u2019observer le fumage du latex - un savoir-faire ancestral transmis de g\u00e9n\u00e9ration en g\u00e9n\u00e9ration.<\/p>\n<!-- \/wp:paragraph -->"},{"title":"Amazonie","content":"<!-- wp:paragraph -->\n<p>Journ\u00e9e d\u00e9di\u00e9e \u00e0 la session de p\u00eache en bateau, o\u00f9 nous tenterons d\u2019attraper quelques poissons typiques de la r\u00e9gion, comme le piranha. De plus, nous allons \u00e9galement faire une excursion nocturne en bateau. \u00c0 la lumi\u00e8re des \u00e9toiles et au rythme des sons de la for\u00eat, nous observerons peut-\u00eatre de petits alligators dans leur habitat naturel. <\/p>\n<!-- \/wp:paragraph -->"},{"title":"Manaus","content":"<!-- wp:paragraph -->\n<p>Transfert \u00e0 Manaus. Explorez la ville avec toutes ses attractions en commen\u00e7ant par le c\u00e9l\u00e8bre Op\u00e9ra de Manaus construit en 1896 \u00e0 l\u2019\u00e9poque du boom du caoutchouc et qui y c\u00e9l\u00e8bre l\u2019opulence de la ville. Ne manquez pas l'occasion de visiter le march\u00e9 municipal qui est une construction m\u00e9tallique qui fut dessin\u00e9e en 1882 sur le mod\u00e8le des halles de Paris. Vous y trouverez toutes sortes de produits en provenance de la jungle.<\/p>\n<!-- \/wp:paragraph -->"},{"title":"Manaus - Santar\u00e9m","content":"<!-- wp:paragraph -->\n<p>Transfert au port de Manaus avec un guide francophone. D\u00e9part dans le bateau de ligne sur le trajet Manaus - Santar\u00e9m. Installez-vous confortablement dans un hamac dans un salon climatis\u00e9 et profitez de la croisi\u00e8re.<\/p>\n<!-- \/wp:paragraph -->"},{"title":"Santar\u00e9m","content":"<!-- wp:paragraph -->\n<p>Journ\u00e9e libre au bateau.<\/p>\n<!-- \/wp:paragraph -->"},{"title":"Santar\u00e9m - S\u00e3o Luis","content":"<!-- wp:paragraph -->\n<p>Arriv\u00e9e \u00e0 S\u00e3o Luis, la ville situ\u00e9e en bord de mer, qui poss\u00e8de un carnaval anim\u00e9 et le plus grand complexe architectural portugais du Br\u00e9sil. Transfert et installation \u00e0 l\u00b4h\u00f4tel.<\/p>\n<!-- \/wp:paragraph -->"},{"title":"S\u00e3o Luis - Barreirinhas","content":"<!-- wp:paragraph -->\n<p>Visitez la ville de S\u00e3o Luis avec guide local francophone. Partirez a la d\u00e9couverte du centre historique qui est un t\u00e9moin pr\u00e9cieux de cette histoire agit\u00e9e, avec ses quelques trois mille constructions coloniales class\u00e9es monuments historiques par l\u00b4Unesco, ses azulejos, ses rues pav\u00e9es et ses petites places. Continuez votre promenade \u00e0 pied pour s\u00b4impr\u00e9gner de l\u00b4\u00e2me de la ville, et passage par certains de ses b\u00e2timents les plus caract\u00e9ristiques<\/p>\n<!-- \/wp:paragraph -->"},{"title":"Barreirinhas","content":"<!-- wp:paragraph -->\n<p>La journ\u00e9e commence par une excursion \u00e0 Lagoa Bonita. Embarquez pour une paisible promenade en bateau sur le Rio Pregui\u00e7as qui vous m\u00e8nera au parc national des Len\u00e7\u00f3is Maranhenses. Ce parc de 155&nbsp;000 hectares est l'un des sites les plus impressionnants du Br\u00e9sil, avec ses immenses dunes parsem\u00e9es de lagunes qui refl\u00e8tent le bleu du ciel&nbsp;! Apr\u00e8s environ une heure de navigation, vous arriverez \u00e0 Lagoa Bonita. Vous disposerez ensuite de temps libre pour vous baigner dans la lagune.<\/p>\n<!-- \/wp:paragraph -->"},{"title":"Barreirinhas - Atins","content":"<!-- wp:paragraph -->\n<p>Embarquez \u00e0 Barreirinhas pour une descente paisible du fleuve Pregui\u00e7as, \u00e0 bord d\u2019un bateau traditionnel. Laissez-vous envo\u00fbter par la magie des paysages : palmiers graciles, mangroves luxuriantes et villages de p\u00eacheurs ponctuent cette travers\u00e9e hors du temps. <br>\u00c0 l\u2019embouchure du fleuve, d\u00e9couvrez Cabur\u00e9, une \u00e9troite p\u00e9ninsule bord\u00e9e par le fleuve d\u2019un c\u00f4t\u00e9 et l\u2019oc\u00e9an de l\u2019autre. Profitez d\u2019un temps libre pour vous d\u00e9tendre sur une plage sauvage.<\/p>\n<!-- \/wp:paragraph -->"},{"title":"Atins \/ Parna\u00edba","content":"<!-- wp:paragraph -->\n<p>Arriv\u00e9e \u00e0 Cabur\u00e9 et d\u00e9part par la route vers Parna\u00edba. Installation \u00e0 l'h\u00f4tel.<\/p>\n<!-- \/wp:paragraph -->"},{"title":"Parnaiba  - Jericoacoara ","content":"<!-- wp:paragraph -->\n<p>Partez \u00e0 l\u2019aventure \u00e0 bord d\u2019un 4x4 privatif avec votre chauffeur lusophone. Une travers\u00e9e inoubliable \u00e0 travers les paysages du Nordeste br\u00e9silien. En chemin, faites une halte pour d\u00e9couvrir la Nova Tatajuba, un v\u00e9ritable joyau nich\u00e9 entre les dunes. Profitez de ce moment de libert\u00e9 pour explorer \u00e0 votre rythme, sans guide, en totale immersion dans la nature. Arriv\u00e9e \u00e0 Jericoacoara et installation \u00e0 l'h\u00f4tel.<\/p>\n<!-- \/wp:paragraph -->"},{"title":"Jericoacoara ","content":"<!-- wp:paragraph -->\n<p>Vivez une exp\u00e9rience inoubliable \u00e0 bord d\u2019un buggy, sillonnant les plages sauvages de Pre\u00e1, aux paysages \u00e9poustouflants.<br>Faites une pause dans les eaux de la <em>Lagoa Azul<\/em> avant de rejoindre la <em>Lagoa do Para\u00edso<\/em>. D\u00e9tendez-vous dans ses c\u00e9l\u00e8bres hamacs suspendus au-dessus de l\u2019eau turquoise.<\/p>\n<!-- \/wp:paragraph -->"},{"title":"Jericoacoara - Fortaleza - Salvador ","content":"<!-- wp:paragraph -->\n<p>D\u00e9part en v\u00e9hicule privatif sans guide vers Fortaleza en passant par les plages. C\u00b4est la fa\u00e7on la plus \u00e9mouvante et dynamique de faire ce transfert&nbsp;! Arriv\u00e9e \u00e0 Fortaleza et envol pour Salvador. Installation \u00e0 l'h\u00f4tel.<\/p>\n<!-- \/wp:paragraph -->"},{"title":"Salvador - Len\u00e7ois","content":"<!-- wp:paragraph -->\n<p>D\u00e9part en direction de l\u2019a\u00e9roport pour votre envol vers Len\u00e7\u00f3is, charmante porte d\u2019entr\u00e9e de la spectaculaire Chapada Diamantina. Arriv\u00e9e et installation \u00e0 l'h\u00f4tel.<\/p>\n<!-- \/wp:paragraph -->"},{"title":"Len\u00e7ois - Vale Do Cap\u00e3o","content":"<!-- wp:paragraph -->\n<p>Commencez la journ\u00e9e par l\u2019exploration de l\u2019impressionnante Grotte de Lapa Doce, l\u2019une des plus grandes de la r\u00e9gion. Poursuivez par la d\u00e9couverte de l\u2019une des merveilles naturelles embl\u00e9matiques de la Chapada : la Gruta Azul. Juste \u00e0 c\u00f4t\u00e9 du site, d\u00e9couvrez Pratinha, une oasis aux eaux cristallines issues d\u2019une grotte souterraine. Savourez une cuisine r\u00e9gionale typique dans une ambiance conviviale, au c\u0153ur de la Chapada. Cl\u00f4turez la journ\u00e9e en beaut\u00e9 par l\u2019ascension du mythique Morro do Pai In\u00e1cio. <\/p>\n<!-- \/wp:paragraph -->"},{"title":"Vale Do Cap\u00e3o - Vale Do Pati","content":"<!-- wp:paragraph -->\n<p>Partez \u00e0 la d\u00e9couverte de la vall\u00e9e du Pati et vivez l\u2019une des plus belles randonn\u00e9es que le Br\u00e9sil ait \u00e0 offrir. Destin\u00e9e aux amoureux de la nature et aux passionn\u00e9s de trekking, cette aventure est une v\u00e9ritable immersion au c\u0153ur d\u2019un paysage \u00e0 couper le souffle. Vous marcherez \u00e0 travers de vastes plaines ouvertes, ponctu\u00e9es de mont\u00e9es exigeantes et de descentes spectaculaires, en franchissant parfois des lits de rivi\u00e8res. Chaque pas vous rapprochera d\u2019une beaut\u00e9 sauvage et pr\u00e9serv\u00e9e, pour une exp\u00e9rience de randonn\u00e9e inoubliable.<\/p>\n<!-- \/wp:paragraph -->"},{"title":"Vale Do Pati","content":"<!-- wp:paragraph -->\n<p>Aujourd'hui nous entamerons l\u2019ascension de la colline du Ch\u00e2teau par un sentier escarp\u00e9, surnomm\u00e9 Scalaminhada. En chemin, nous traverserons une grotte qui perce la colline, avant de grimper jusqu'aux lookouts, ces belv\u00e9d\u00e8res naturels offrant une vue spectaculaire sur une partie de l\u2019itin\u00e9raire que nous emprunterons dans les jours \u00e0 venir. Ce sera l\u2019un des points les plus \u00e9lev\u00e9s de notre exp\u00e9dition dans la vall\u00e9e du Pati - \u00e0 1 600 m\u00e8tres d'altitude. Sur le chemin du retour, nous ferons une pause bien m\u00e9rit\u00e9e \u00e0 la cascade des Entonnoirs, l\u2019endroit id\u00e9al pour d\u00e9lasser vos pieds.<\/p>\n<!-- \/wp:paragraph -->"},{"title":"Vale Do Pati","content":"<!-- wp:paragraph -->\n<p>Apr\u00e8s un bon petit d\u00e9jeuner, nous reprenons notre exp\u00e9dition. Cette journ\u00e9e s\u2019annonce comme la plus exigeante du parcours : direction la vall\u00e9e de Cachoeir\u00e3o. Nous atteindrons le sommet de la falaise d'o\u00f9 l\u2019on peut admirer la cascade embl\u00e9matique, un spectacle \u00e0 couper le souffle. La randonn\u00e9e couvre environ 20 km jusqu'\u00e0 notre prochain h\u00e9bergement. Mais l'effort sera largement r\u00e9compens\u00e9 : la vue plongeante sur la vall\u00e9e est tout simplement impressionnante.<\/p>\n<!-- \/wp:paragraph -->"},{"title":"Vale Do Pati \/ Len\u00e7ois \/ Salvador","content":"<!-- wp:paragraph -->\n<p>Envol \u00e0 Salvador. Arriv\u00e9e et transfert \u00e0 l\u00b4h\u00f4tel.<\/p>\n<!-- \/wp:paragraph -->"},{"title":"Salvador","content":"<!-- wp:paragraph -->\n<p>Explorez cette ville fascinante, divis\u00e9e entre la ville haute et la ville basse. Commencez par la ville basse, o\u00f9 vous visiterez le port, le c\u00e9l\u00e8bre Mercado Modelo pour d\u00e9couvrir l\u2019artisanat local, et l\u2019\u00e9glise Bonfim, lieu embl\u00e9matique de la foi populaire. Apr\u00e8s un d\u00e9jeuner libre, montez vers la ville haute, c\u0153ur historique de Salvador. Fl\u00e2nez dans le quartier du Pelourinho, class\u00e9 au patrimoine mondial de l\u2019UNESCO, admirez ses maisons coloniales color\u00e9es et ses \u00e9glises baroques. Laissez-vous envo\u00fbter par l\u2019ambiance joyeuse de cette ville surnomm\u00e9e \u00ab la ville aux 365 \u00e9glises \u00bb<\/p>\n<!-- \/wp:paragraph -->"},{"title":"Salvador","content":"<!-- wp:paragraph -->\n<p>Le dernier jour pour profiter de la ville de Salvador \u00e0 votre guise.<\/p>\n<!-- \/wp:paragraph -->"},{"title":"Retour","content":"<!-- wp:paragraph -->\n<p>Transfert \u00e0 l\u2019a\u00e9roport pour le vol retour. Fin du voyage.<\/p>\n<!-- \/wp:paragraph -->"}],"faqs":[],"is_featured":false,"featured_image":{"width":2560,"height":1440,"file":"2025\/05\/DSC06675-2-scaled.jpg","filesize":1171860,"sizes":{"woocommerce_thumbnail":{"file":"DSC06675-2-scaled-300x300.jpg","width":300,"height":300,"filesize":37236,"uncropped":false,"mime_type":"image\/jpeg","source_url":"https:\/\/www.panorama-tourisme.fr\/wp-content\/uploads\/2025\/05\/DSC06675-2-scaled-300x300.jpg"},"woocommerce_gallery_thumbnail":{"file":"DSC06675-2-scaled-100x100.jpg","width":100,"height":100,"filesize":6581,"mime_type":"image\/jpeg","source_url":"https:\/\/www.panorama-tourisme.fr\/wp-content\/uploads\/2025\/05\/DSC06675-2-scaled-100x100.jpg"},"woocommerce_single":{"file":"DSC06675-2-scaled-600x338.jpg","width":600,"height":338,"filesize":81342,"mime_type":"image\/jpeg","source_url":"https:\/\/www.panorama-tourisme.fr\/wp-content\/uploads\/2025\/05\/DSC06675-2-scaled-600x338.jpg"},"medium":{"file":"DSC06675-2-300x169.jpg","width":300,"height":169,"filesize":22745,"mime_type":"image\/jpeg","source_url":"https:\/\/www.panorama-tourisme.fr\/wp-content\/uploads\/2025\/05\/DSC06675-2-300x169.jpg"},"large":{"file":"DSC06675-2-1024x576.jpg","width":1024,"height":576,"filesize":225543,"mime_type":"image\/jpeg","source_url":"https:\/\/www.panorama-tourisme.fr\/wp-content\/uploads\/2025\/05\/DSC06675-2-1024x576.jpg"},"thumbnail":{"file":"DSC06675-2-150x150.jpg","width":150,"height":150,"filesize":11431,"mime_type":"image\/jpeg","source_url":"https:\/\/www.panorama-tourisme.fr\/wp-content\/uploads\/2025\/05\/DSC06675-2-150x150.jpg"},"medium_large":{"file":"DSC06675-2-768x432.jpg","width":768,"height":432,"filesize":130994,"mime_type":"image\/jpeg","source_url":"https:\/\/www.panorama-tourisme.fr\/wp-content\/uploads\/2025\/05\/DSC06675-2-768x432.jpg"},"trip-thumb-size":{"file":"DSC06675-2-374x226.jpg","width":374,"height":226,"filesize":36290,"mime_type":"image\/jpeg","source_url":"https:\/\/www.panorama-tourisme.fr\/wp-content\/uploads\/2025\/05\/DSC06675-2-374x226.jpg"},"destination-thumb-size":{"file":"DSC06675-2-600x810.jpg","width":600,"height":810,"filesize":171165,"mime_type":"image\/jpeg","source_url":"https:\/\/www.panorama-tourisme.fr\/wp-content\/uploads\/2025\/05\/DSC06675-2-600x810.jpg"},"destination-thumb-trip-size":{"file":"DSC06675-2-410x250.jpg","width":410,"height":250,"filesize":43402,"mime_type":"image\/jpeg","source_url":"https:\/\/www.panorama-tourisme.fr\/wp-content\/uploads\/2025\/05\/DSC06675-2-410x250.jpg"},"activities-thumb-size":{"file":"DSC06675-2-600x810.jpg","width":600,"height":810,"filesize":171165,"mime_type":"image\/jpeg","source_url":"https:\/\/www.panorama-tourisme.fr\/wp-content\/uploads\/2025\/05\/DSC06675-2-600x810.jpg"},"trip-single-size":{"file":"DSC06675-2-990x490.jpg","width":990,"height":490,"filesize":191185,"mime_type":"image\/jpeg","source_url":"https:\/\/www.panorama-tourisme.fr\/wp-content\/uploads\/2025\/05\/DSC06675-2-990x490.jpg"},"1536x1536":{"file":"DSC06675-2-1536x864.jpg","width":1536,"height":864,"filesize":475490,"mime_type":"image\/jpeg","source_url":"https:\/\/www.panorama-tourisme.fr\/wp-content\/uploads\/2025\/05\/DSC06675-2-1536x864.jpg"},"2048x2048":{"file":"DSC06675-2-2048x1152.jpg","width":2048,"height":1152,"filesize":793694,"mime_type":"image\/jpeg","source_url":"https:\/\/www.panorama-tourisme.fr\/wp-content\/uploads\/2025\/05\/DSC06675-2-2048x1152.jpg"},"full":{"file":"DSC06675-2-scaled.jpg","width":2560,"height":1440,"source_url":"https:\/\/www.panorama-tourisme.fr\/wp-content\/uploads\/2025\/05\/DSC06675-2-scaled.jpg"}},"image_meta":{"aperture":"4","credit":"","camera":"ILCE-7M2","caption":"","created_timestamp":"1515080496","copyright":"","focal_length":"24","iso":"400","shutter_speed":"0.016666666666667","title":"","orientation":"0","keywords":[]}},"_links":{"self":[{"href":"https:\/\/www.panorama-tourisme.fr\/index.php\/wp-json\/wp\/v2\/trip\/989","targetHints":{"allow":["GET"]}}],"collection":[{"href":"https:\/\/www.panorama-tourisme.fr\/index.php\/wp-json\/wp\/v2\/trip"}],"about":[{"href":"https:\/\/www.panorama-tourisme.fr\/index.php\/wp-json\/wp\/v2\/types\/trip"}],"author":[{"embeddable":true,"href":"https:\/\/www.panorama-tourisme.fr\/index.php\/wp-json\/wp\/v2\/users\/1"}],"replies":[{"embeddable":true,"href":"https:\/\/www.panorama-tourisme.fr\/index.php\/wp-json\/wp\/v2\/comments?post=989"}],"version-history":[{"count":0,"href":"https:\/\/www.panorama-tourisme.fr\/index.php\/wp-json\/wp\/v2\/trip\/989\/revisions"}],"wp:featuredmedia":[{"embeddable":true,"href":"https:\/\/www.panorama-tourisme.fr\/index.php\/wp-json\/wp\/v2\/media\/998"}],"wp:attachment":[{"href":"https:\/\/www.panorama-tourisme.fr\/index.php\/wp-json\/wp\/v2\/media?parent=989"}],"wp:term":[{"taxonomy":"destination","embeddable":true,"href":"https:\/\/www.panorama-tourisme.fr\/index.php\/wp-json\/wp\/v2\/destination?post=989"},{"taxonomy":"activities","embeddable":true,"href":"https:\/\/www.panorama-tourisme.fr\/index.php\/wp-json\/wp\/v2\/activities?post=989"},{"taxonomy":"trip_types","embeddable":true,"href":"https:\/\/www.panorama-tourisme.fr\/index.php\/wp-json\/wp\/v2\/trip_types?post=989"},{"taxonomy":"difficulty","embeddable":true,"href":"https:\/\/www.panorama-tourisme.fr\/index.php\/wp-json\/wp\/v2\/difficulty?post=989"},{"taxonomy":"trip_tag","embeddable":true,"href":"https:\/\/www.panorama-tourisme.fr\/index.php\/wp-json\/wp\/v2\/trip_tag?post=989"}],"curies":[{"name":"wp","href":"https:\/\/api.w.org\/{rel}","templated":true}]}}